{"id":3965,"date":"2025-11-21T11:02:50","date_gmt":"2025-11-21T11:02:50","guid":{"rendered":"https:\/\/agrobox.it\/?page_id=3965"},"modified":"2025-11-21T11:05:50","modified_gmt":"2025-11-21T11:05:50","slug":"news","status":"publish","type":"page","link":"https:\/\/agrobox.it\/de\/news\/","title":{"rendered":"News"},"content":{"rendered":"<div data-elementor-type=\"wp-page\" data-elementor-id=\"3965\" class=\"elementor elementor-3965\" data-elementor-post-type=\"page\">\n\t\t\t\t<div class=\"elementor-element elementor-element-e8889e5 e-con-full e-flex e-con e-parent\" data-id=\"e8889e5\" data-element_type=\"container\" data-e-type=\"container\">\n\t\t\t\t<div class=\"elementor-element elementor-element-cd7ee49 elementor-grid-4 elementor-grid-tablet-2 elementor-grid-mobile-1 elementor-posts--thumbnail-top elementor-card-shadow-yes elementor-posts__hover-gradient elementor-widget elementor-widget-posts\" data-id=\"cd7ee49\" data-element_type=\"widget\" data-e-type=\"widget\" data-settings=\"{&quot;cards_columns&quot;:&quot;4&quot;,&quot;cards_columns_tablet&quot;:&quot;2&quot;,&quot;cards_columns_mobile&quot;:&quot;1&quot;,&quot;cards_row_gap&quot;:{&quot;unit&quot;:&quot;px&quot;,&quot;size&quot;:35,&quot;sizes&quot;:[]},&quot;cards_row_gap_laptop&quot;:{&quot;unit&quot;:&quot;px&quot;,&quot;size&quot;:&quot;&quot;,&quot;sizes&quot;:[]},&quot;cards_row_gap_tablet&quot;:{&quot;unit&quot;:&quot;px&quot;,&quot;size&quot;:&quot;&quot;,&quot;sizes&quot;:[]},&quot;cards_row_gap_mobile&quot;:{&quot;unit&quot;:&quot;px&quot;,&quot;size&quot;:&quot;&quot;,&quot;sizes&quot;:[]}}\" data-widget_type=\"posts.cards\">\n\t\t\t\t<div class=\"elementor-widget-container\">\n\t\t\t\t\t\t\t<div class=\"elementor-posts-container elementor-posts elementor-posts--skin-cards elementor-grid\" role=\"list\">\n\t\t\t\t<article class=\"elementor-post elementor-grid-item post-4249 post type-post status-publish format-standard has-post-thumbnail hentry category-news generate-columns tablet-grid-50 mobile-grid-100 grid-parent grid-33\" role=\"listitem\">\n\t\t\t<div class=\"elementor-post__card\">\n\t\t\t\t<a class=\"elementor-post__thumbnail__link\" href=\"https:\/\/agrobox.it\/de\/un-processo-validato-e-sostenibile\/\" tabindex=\"-1\" ><div class=\"elementor-post__thumbnail\"><img fetchpriority=\"high\" decoding=\"async\" width=\"300\" height=\"265\" src=\"https:\/\/agrobox.it\/wp-content\/uploads\/2026\/02\/Immagine-Impianto-300x265.png\" class=\"attachment-medium size-medium wp-image-4240\" alt=\"Immagine Impianto\" srcset=\"https:\/\/agrobox.it\/wp-content\/uploads\/2026\/02\/Immagine-Impianto-300x265.png 300w, https:\/\/agrobox.it\/wp-content\/uploads\/2026\/02\/Immagine-Impianto-768x677.png 768w, https:\/\/agrobox.it\/wp-content\/uploads\/2026\/02\/Immagine-Impianto-14x12.png 14w, https:\/\/agrobox.it\/wp-content\/uploads\/2026\/02\/Immagine-Impianto.png 839w\" sizes=\"(max-width: 300px) 100vw, 300px\" \/><\/div><\/a>\n\t\t\t\t<div class=\"elementor-post__badge\">News<\/div>\n\t\t\t\t<div class=\"elementor-post__text\">\n\t\t\t\t<h3 class=\"elementor-post__title\">\n\t\t\t<a href=\"https:\/\/agrobox.it\/de\/un-processo-validato-e-sostenibile\/\" >\n\t\t\t\tUn processo validato e sostenibile\t\t\t<\/a>\n\t\t<\/h3>\n\t\t\t\t<div class=\"elementor-post__excerpt\">\n\t\t\t<p>L\u2019inquinamento puntiforme causato dall\u2019uso di prodotti fitosanitari in agricoltura \u00e8 responsabile di una quota compresa<\/p>\n\t\t<\/div>\n\t\t\n\t\t<a class=\"elementor-post__read-more\" href=\"https:\/\/agrobox.it\/de\/un-processo-validato-e-sostenibile\/\" aria-label=\"Mehr \u00fcber Un processo validato e sostenibile\" tabindex=\"-1\" >\n\t\t\tLeggi Tutto \u00bb\t\t<\/a>\n\n\t\t\t\t<\/div>\n\t\t\t\t<div class=\"elementor-post__meta-data\">\n\t\t\t\t\t<span class=\"elementor-post-date\">\n\t\t\t9 M\u00e4rz 2026\t\t<\/span>\n\t\t\t\t<\/div>\n\t\t\t\t\t<\/div>\n\t\t<\/article>\n\t\t\t\t<article class=\"elementor-post elementor-grid-item post-4221 post type-post status-publish format-standard has-post-thumbnail hentry category-news generate-columns tablet-grid-50 mobile-grid-100 grid-parent grid-33\" role=\"listitem\">\n\t\t\t<div class=\"elementor-post__card\">\n\t\t\t\t<a class=\"elementor-post__thumbnail__link\" href=\"https:\/\/agrobox.it\/de\/leader-della-sostenibilita-mete-srl-e-eccellenza-dellanno-2025-per-green-leadership-e-per-la-gestione-delle-acque\/\" tabindex=\"-1\" ><div class=\"elementor-post__thumbnail\"><img decoding=\"async\" width=\"300\" height=\"282\" src=\"https:\/\/agrobox.it\/wp-content\/uploads\/2025\/12\/20251205_131145-300x282.jpg\" class=\"attachment-medium size-medium wp-image-4224\" alt=\"20251205\" srcset=\"https:\/\/agrobox.it\/wp-content\/uploads\/2025\/12\/20251205_131145-300x282.jpg 300w, https:\/\/agrobox.it\/wp-content\/uploads\/2025\/12\/20251205_131145-1024x961.jpg 1024w, https:\/\/agrobox.it\/wp-content\/uploads\/2025\/12\/20251205_131145-768x721.jpg 768w, https:\/\/agrobox.it\/wp-content\/uploads\/2025\/12\/20251205_131145-13x12.jpg 13w, https:\/\/agrobox.it\/wp-content\/uploads\/2025\/12\/20251205_131145.jpg 1499w\" sizes=\"(max-width: 300px) 100vw, 300px\" \/><\/div><\/a>\n\t\t\t\t<div class=\"elementor-post__badge\">News<\/div>\n\t\t\t\t<div class=\"elementor-post__text\">\n\t\t\t\t<h3 class=\"elementor-post__title\">\n\t\t\t<a href=\"https:\/\/agrobox.it\/de\/leader-della-sostenibilita-mete-srl-e-eccellenza-dellanno-2025-per-green-leadership-e-per-la-gestione-delle-acque\/\" >\n\t\t\t\tLeader della Sostenibilit\u00e0: Mete Srl \u00e8 Eccellenza dell\u2019Anno 2025 per Green Leadership e per la Gestione delle Acque\t\t\t<\/a>\n\t\t<\/h3>\n\t\t\t\t<div class=\"elementor-post__excerpt\">\n\t\t\t<p>E&#8217; con grande orgoglio che Mete Srl annuncia di essere stata insignita del prestigioso premio<\/p>\n\t\t<\/div>\n\t\t\n\t\t<a class=\"elementor-post__read-more\" href=\"https:\/\/agrobox.it\/de\/leader-della-sostenibilita-mete-srl-e-eccellenza-dellanno-2025-per-green-leadership-e-per-la-gestione-delle-acque\/\" aria-label=\"Mehr \u00fcber Leader della Sostenibilit\u00e0: Mete Srl \u00e8 Eccellenza dell\u2019Anno 2025 per Green Leadership e per la Gestione delle Acque\" tabindex=\"-1\" >\n\t\t\tLeggi Tutto \u00bb\t\t<\/a>\n\n\t\t\t\t<\/div>\n\t\t\t\t<div class=\"elementor-post__meta-data\">\n\t\t\t\t\t<span class=\"elementor-post-date\">\n\t\t\t5 Dezember 2025\t\t<\/span>\n\t\t\t\t<\/div>\n\t\t\t\t\t<\/div>\n\t\t<\/article>\n\t\t\t\t<article class=\"elementor-post elementor-grid-item post-4056 post type-post status-publish format-standard has-post-thumbnail hentry category-news generate-columns tablet-grid-50 mobile-grid-100 grid-parent grid-33\" role=\"listitem\">\n\t\t\t<div class=\"elementor-post__card\">\n\t\t\t\t<a class=\"elementor-post__thumbnail__link\" href=\"https:\/\/agrobox.it\/de\/bando-regione-veneto-complemento-regionale-per-lo-sviluppo-rurale-del-piano-strategico-nazionale-della-pac-2023-2027-per-il-veneto\/\" tabindex=\"-1\" ><div class=\"elementor-post__thumbnail\"><img decoding=\"async\" width=\"300\" height=\"142\" src=\"https:\/\/agrobox.it\/wp-content\/uploads\/2025\/11\/Bando-Veneto-300x142.png\" class=\"attachment-medium size-medium wp-image-4057\" alt=\"Bando Veneto\" srcset=\"https:\/\/agrobox.it\/wp-content\/uploads\/2025\/11\/Bando-Veneto-300x142.png 300w, https:\/\/agrobox.it\/wp-content\/uploads\/2025\/11\/Bando-Veneto-18x9.png 18w, https:\/\/agrobox.it\/wp-content\/uploads\/2025\/11\/Bando-Veneto.png 632w\" sizes=\"(max-width: 300px) 100vw, 300px\" \/><\/div><\/a>\n\t\t\t\t<div class=\"elementor-post__badge\">News<\/div>\n\t\t\t\t<div class=\"elementor-post__text\">\n\t\t\t\t<h3 class=\"elementor-post__title\">\n\t\t\t<a href=\"https:\/\/agrobox.it\/de\/bando-regione-veneto-complemento-regionale-per-lo-sviluppo-rurale-del-piano-strategico-nazionale-della-pac-2023-2027-per-il-veneto\/\" >\n\t\t\t\tBando Regione Veneto &#8211; Complemento regionale per lo sviluppo rurale del piano strategico nazionale della PAC 2023-2027 per il Veneto\t\t\t<\/a>\n\t\t<\/h3>\n\t\t\t\t<div class=\"elementor-post__excerpt\">\n\t\t\t<p>Per ulteriori informazioni scrivere a info@agrobox.it e Fabio Sozza (enologosozza@gmail.com)<\/p>\n\t\t<\/div>\n\t\t\n\t\t<a class=\"elementor-post__read-more\" href=\"https:\/\/agrobox.it\/de\/bando-regione-veneto-complemento-regionale-per-lo-sviluppo-rurale-del-piano-strategico-nazionale-della-pac-2023-2027-per-il-veneto\/\" aria-label=\"Mehr \u00fcber Bando Regione Veneto &#8211; Complemento regionale per lo sviluppo rurale del piano strategico nazionale della PAC 2023-2027 per il Veneto\" tabindex=\"-1\" >\n\t\t\tLeggi Tutto \u00bb\t\t<\/a>\n\n\t\t\t\t<\/div>\n\t\t\t\t<div class=\"elementor-post__meta-data\">\n\t\t\t\t\t<span class=\"elementor-post-date\">\n\t\t\t28 November 2025\t\t<\/span>\n\t\t\t\t<\/div>\n\t\t\t\t\t<\/div>\n\t\t<\/article>\n\t\t\t\t<article class=\"elementor-post elementor-grid-item post-4040 post type-post status-publish format-standard has-post-thumbnail hentry category-news generate-columns tablet-grid-50 mobile-grid-100 grid-parent grid-33\" role=\"listitem\">\n\t\t\t<div class=\"elementor-post__card\">\n\t\t\t\t<a class=\"elementor-post__thumbnail__link\" href=\"https:\/\/agrobox.it\/de\/bando-regione-abruzzo-srd01-investimenti-produttivi-agricoli-per-la-competitivita-delle-aziende-agricole\/\" tabindex=\"-1\" ><div class=\"elementor-post__thumbnail\"><img loading=\"lazy\" decoding=\"async\" width=\"300\" height=\"104\" src=\"https:\/\/agrobox.it\/wp-content\/uploads\/2025\/11\/Bando-Abruzzo-300x104.png\" class=\"attachment-medium size-medium wp-image-4043\" alt=\"Bando Abruzzo\" srcset=\"https:\/\/agrobox.it\/wp-content\/uploads\/2025\/11\/Bando-Abruzzo-300x104.png 300w, https:\/\/agrobox.it\/wp-content\/uploads\/2025\/11\/Bando-Abruzzo-18x6.png 18w, https:\/\/agrobox.it\/wp-content\/uploads\/2025\/11\/Bando-Abruzzo.png 409w\" sizes=\"(max-width: 300px) 100vw, 300px\" \/><\/div><\/a>\n\t\t\t\t<div class=\"elementor-post__badge\">News<\/div>\n\t\t\t\t<div class=\"elementor-post__text\">\n\t\t\t\t<h3 class=\"elementor-post__title\">\n\t\t\t<a href=\"https:\/\/agrobox.it\/de\/bando-regione-abruzzo-srd01-investimenti-produttivi-agricoli-per-la-competitivita-delle-aziende-agricole\/\" >\n\t\t\t\tBando Regione Abruzzo &#8211; SRD01 \u201cInvestimenti produttivi agricoli per la competitivit\u00e0 delle aziende agricole\u201d\t\t\t<\/a>\n\t\t<\/h3>\n\t\t\t\t<div class=\"elementor-post__excerpt\">\n\t\t\t<p>Per ulteriori informazioni scrivere a info@agrobox.it e Fabio Sozza (enologosozza@gmail.com)<\/p>\n\t\t<\/div>\n\t\t\n\t\t<a class=\"elementor-post__read-more\" href=\"https:\/\/agrobox.it\/de\/bando-regione-abruzzo-srd01-investimenti-produttivi-agricoli-per-la-competitivita-delle-aziende-agricole\/\" aria-label=\"Mehr \u00fcber Bando Regione Abruzzo &#8211; SRD01 \u201cInvestimenti produttivi agricoli per la competitivit\u00e0 delle aziende agricole\u201d\" tabindex=\"-1\" >\n\t\t\tLeggi Tutto \u00bb\t\t<\/a>\n\n\t\t\t\t<\/div>\n\t\t\t\t<div class=\"elementor-post__meta-data\">\n\t\t\t\t\t<span class=\"elementor-post-date\">\n\t\t\t28 November 2025\t\t<\/span>\n\t\t\t\t<\/div>\n\t\t\t\t\t<\/div>\n\t\t<\/article>\n\t\t\t\t<article class=\"elementor-post elementor-grid-item post-4033 post type-post status-publish format-standard has-post-thumbnail hentry category-news generate-columns tablet-grid-50 mobile-grid-100 grid-parent grid-33\" role=\"listitem\">\n\t\t\t<div class=\"elementor-post__card\">\n\t\t\t\t<a class=\"elementor-post__thumbnail__link\" href=\"https:\/\/agrobox.it\/de\/webinar-agrobox-by-mete-srl\/\" tabindex=\"-1\" ><div class=\"elementor-post__thumbnail\"><img loading=\"lazy\" decoding=\"async\" width=\"300\" height=\"169\" src=\"https:\/\/agrobox.it\/wp-content\/uploads\/2025\/11\/Webinar-300x169.png\" class=\"attachment-medium size-medium wp-image-4034\" alt=\"Webinar\" srcset=\"https:\/\/agrobox.it\/wp-content\/uploads\/2025\/11\/Webinar-300x169.png 300w, https:\/\/agrobox.it\/wp-content\/uploads\/2025\/11\/Webinar-768x432.png 768w, https:\/\/agrobox.it\/wp-content\/uploads\/2025\/11\/Webinar-18x10.png 18w, https:\/\/agrobox.it\/wp-content\/uploads\/2025\/11\/Webinar.png 787w\" sizes=\"(max-width: 300px) 100vw, 300px\" \/><\/div><\/a>\n\t\t\t\t<div class=\"elementor-post__badge\">News<\/div>\n\t\t\t\t<div class=\"elementor-post__text\">\n\t\t\t\t<h3 class=\"elementor-post__title\">\n\t\t\t<a href=\"https:\/\/agrobox.it\/de\/webinar-agrobox-by-mete-srl\/\" >\n\t\t\t\tWebinar \u2013 Agrobox by Mete srl\t\t\t<\/a>\n\t\t<\/h3>\n\t\t\t\t<div class=\"elementor-post__excerpt\">\n\t\t\t<p>Mete srl ha recentemente presentato Agrobox nel webinar \u201cSostenibilit\u00e0 per le aziende vitivinicole: gestione e<\/p>\n\t\t<\/div>\n\t\t\n\t\t<a class=\"elementor-post__read-more\" href=\"https:\/\/agrobox.it\/de\/webinar-agrobox-by-mete-srl\/\" aria-label=\"Mehr \u00fcber Webinar &#8211; Agrobox by Mete srl\" tabindex=\"-1\" >\n\t\t\tLeggi Tutto \u00bb\t\t<\/a>\n\n\t\t\t\t<\/div>\n\t\t\t\t<div class=\"elementor-post__meta-data\">\n\t\t\t\t\t<span class=\"elementor-post-date\">\n\t\t\t28 November 2025\t\t<\/span>\n\t\t\t\t<\/div>\n\t\t\t\t\t<\/div>\n\t\t<\/article>\n\t\t\t\t<article class=\"elementor-post elementor-grid-item post-4000 post type-post status-publish format-standard has-post-thumbnail hentry category-news generate-columns tablet-grid-50 mobile-grid-100 grid-parent grid-33\" role=\"listitem\">\n\t\t\t<div class=\"elementor-post__card\">\n\t\t\t\t<a class=\"elementor-post__thumbnail__link\" href=\"https:\/\/agrobox.it\/de\/rive-2025-agrobox-by-mete\/\" tabindex=\"-1\" ><div class=\"elementor-post__thumbnail\"><img loading=\"lazy\" decoding=\"async\" width=\"300\" height=\"193\" src=\"https:\/\/agrobox.it\/wp-content\/uploads\/2025\/11\/Rive_2025_IMG_0046-300x193.jpg\" class=\"attachment-medium size-medium wp-image-4027\" alt=\"Rive 2025 IMG\" srcset=\"https:\/\/agrobox.it\/wp-content\/uploads\/2025\/11\/Rive_2025_IMG_0046-300x193.jpg 300w, https:\/\/agrobox.it\/wp-content\/uploads\/2025\/11\/Rive_2025_IMG_0046-1024x658.jpg 1024w, https:\/\/agrobox.it\/wp-content\/uploads\/2025\/11\/Rive_2025_IMG_0046-768x494.jpg 768w, https:\/\/agrobox.it\/wp-content\/uploads\/2025\/11\/Rive_2025_IMG_0046-1536x988.jpg 1536w, https:\/\/agrobox.it\/wp-content\/uploads\/2025\/11\/Rive_2025_IMG_0046-2048x1317.jpg 2048w, https:\/\/agrobox.it\/wp-content\/uploads\/2025\/11\/Rive_2025_IMG_0046-18x12.jpg 18w\" sizes=\"(max-width: 300px) 100vw, 300px\" \/><\/div><\/a>\n\t\t\t\t<div class=\"elementor-post__badge\">News<\/div>\n\t\t\t\t<div class=\"elementor-post__text\">\n\t\t\t\t<h3 class=\"elementor-post__title\">\n\t\t\t<a href=\"https:\/\/agrobox.it\/de\/rive-2025-agrobox-by-mete\/\" >\n\t\t\t\tRIVE 2025 \u2013 AGROBOX by MeTe\t\t\t<\/a>\n\t\t<\/h3>\n\t\t\t\t<div class=\"elementor-post__excerpt\">\n\t\t\t<p>Mete ha partecipato alla fiera RIVE 2025 di Pordenone presentando AGROBOX, un\u2019attrezzatura innovativa per eliminare<\/p>\n\t\t<\/div>\n\t\t\n\t\t<a class=\"elementor-post__read-more\" href=\"https:\/\/agrobox.it\/de\/rive-2025-agrobox-by-mete\/\" aria-label=\"Mehr \u00fcber RIVE 2025 &#8211; AGROBOX by MeTe\" tabindex=\"-1\" >\n\t\t\tLeggi Tutto \u00bb\t\t<\/a>\n\n\t\t\t\t<\/div>\n\t\t\t\t<div class=\"elementor-post__meta-data\">\n\t\t\t\t\t<span class=\"elementor-post-date\">\n\t\t\t21 November 2025\t\t<\/span>\n\t\t\t\t<\/div>\n\t\t\t\t\t<\/div>\n\t\t<\/article>\n\t\t\t\t<article class=\"elementor-post elementor-grid-item post-3996 post type-post status-publish format-standard has-post-thumbnail hentry category-news generate-columns tablet-grid-50 mobile-grid-100 grid-parent grid-33\" role=\"listitem\">\n\t\t\t<div class=\"elementor-post__card\">\n\t\t\t\t<a class=\"elementor-post__thumbnail__link\" href=\"https:\/\/agrobox.it\/de\/agrobox-innovativo-impianto-a-membrane\/\" tabindex=\"-1\" ><div class=\"elementor-post__thumbnail\"><img loading=\"lazy\" decoding=\"async\" width=\"300\" height=\"211\" src=\"https:\/\/agrobox.it\/wp-content\/uploads\/2025\/11\/Agrobox_nnovativo_impianto_a_membrane-scaled-e1763723244644-300x211.jpg\" class=\"attachment-medium size-medium wp-image-3944\" alt=\"Agrobox nnovativo impianto a membrane\" srcset=\"https:\/\/agrobox.it\/wp-content\/uploads\/2025\/11\/Agrobox_nnovativo_impianto_a_membrane-scaled-e1763723244644-300x211.jpg 300w, https:\/\/agrobox.it\/wp-content\/uploads\/2025\/11\/Agrobox_nnovativo_impianto_a_membrane-scaled-e1763723244644-1024x719.jpg 1024w, https:\/\/agrobox.it\/wp-content\/uploads\/2025\/11\/Agrobox_nnovativo_impianto_a_membrane-scaled-e1763723244644-768x539.jpg 768w, https:\/\/agrobox.it\/wp-content\/uploads\/2025\/11\/Agrobox_nnovativo_impianto_a_membrane-scaled-e1763723244644-1536x1079.jpg 1536w, https:\/\/agrobox.it\/wp-content\/uploads\/2025\/11\/Agrobox_nnovativo_impianto_a_membrane-scaled-e1763723244644-2048x1438.jpg 2048w, https:\/\/agrobox.it\/wp-content\/uploads\/2025\/11\/Agrobox_nnovativo_impianto_a_membrane-scaled-e1763723244644-18x12.jpg 18w\" sizes=\"(max-width: 300px) 100vw, 300px\" \/><\/div><\/a>\n\t\t\t\t<div class=\"elementor-post__badge\">News<\/div>\n\t\t\t\t<div class=\"elementor-post__text\">\n\t\t\t\t<h3 class=\"elementor-post__title\">\n\t\t\t<a href=\"https:\/\/agrobox.it\/de\/agrobox-innovativo-impianto-a-membrane\/\" >\n\t\t\t\tAgrobox: innovativo impianto a membrane\t\t\t<\/a>\n\t\t<\/h3>\n\t\t\t\t<div class=\"elementor-post__excerpt\">\n\t\t\t<p>L\u2019inquinamento puntiforme da prodotti fitosanitari rappresenta una delle principali cause di contaminazione delle acque superficiali<\/p>\n\t\t<\/div>\n\t\t\n\t\t<a class=\"elementor-post__read-more\" href=\"https:\/\/agrobox.it\/de\/agrobox-innovativo-impianto-a-membrane\/\" aria-label=\"Mehr \u00fcber Agrobox: innovativo impianto a membrane\" tabindex=\"-1\" >\n\t\t\tLeggi Tutto \u00bb\t\t<\/a>\n\n\t\t\t\t<\/div>\n\t\t\t\t<div class=\"elementor-post__meta-data\">\n\t\t\t\t\t<span class=\"elementor-post-date\">\n\t\t\t17 November 2025\t\t<\/span>\n\t\t\t\t<\/div>\n\t\t\t\t\t<\/div>\n\t\t<\/article>\n\t\t\t\t<article class=\"elementor-post elementor-grid-item post-4030 post type-post status-publish format-standard has-post-thumbnail hentry category-news generate-columns tablet-grid-50 mobile-grid-100 grid-parent grid-33\" role=\"listitem\">\n\t\t\t<div class=\"elementor-post__card\">\n\t\t\t\t<a class=\"elementor-post__thumbnail__link\" href=\"https:\/\/agrobox.it\/de\/interpoma-2024-agrobox-by-mete-srl\/\" tabindex=\"-1\" ><div class=\"elementor-post__thumbnail\"><img loading=\"lazy\" decoding=\"async\" width=\"300\" height=\"204\" src=\"https:\/\/agrobox.it\/wp-content\/uploads\/2025\/11\/InterpomaIMG_4842-300x204.jpg\" class=\"attachment-medium size-medium wp-image-4031\" alt=\"InterpomaIMG\" srcset=\"https:\/\/agrobox.it\/wp-content\/uploads\/2025\/11\/InterpomaIMG_4842-300x204.jpg 300w, https:\/\/agrobox.it\/wp-content\/uploads\/2025\/11\/InterpomaIMG_4842-1024x697.jpg 1024w, https:\/\/agrobox.it\/wp-content\/uploads\/2025\/11\/InterpomaIMG_4842-768x523.jpg 768w, https:\/\/agrobox.it\/wp-content\/uploads\/2025\/11\/InterpomaIMG_4842-1536x1046.jpg 1536w, https:\/\/agrobox.it\/wp-content\/uploads\/2025\/11\/InterpomaIMG_4842-2048x1394.jpg 2048w, https:\/\/agrobox.it\/wp-content\/uploads\/2025\/11\/InterpomaIMG_4842-18x12.jpg 18w\" sizes=\"(max-width: 300px) 100vw, 300px\" \/><\/div><\/a>\n\t\t\t\t<div class=\"elementor-post__badge\">News<\/div>\n\t\t\t\t<div class=\"elementor-post__text\">\n\t\t\t\t<h3 class=\"elementor-post__title\">\n\t\t\t<a href=\"https:\/\/agrobox.it\/de\/interpoma-2024-agrobox-by-mete-srl\/\" >\n\t\t\t\tINTERPOMA 2024 \u2013 Agrobox by Mete srl\t\t\t<\/a>\n\t\t<\/h3>\n\t\t\t\t<div class=\"elementor-post__excerpt\">\n\t\t\t<p>Nel 2024 Mete ha partecipato alla fiera Interpoma a Bolzano mostrando al pubblico AGROBOX, un<\/p>\n\t\t<\/div>\n\t\t\n\t\t<a class=\"elementor-post__read-more\" href=\"https:\/\/agrobox.it\/de\/interpoma-2024-agrobox-by-mete-srl\/\" aria-label=\"Mehr \u00fcber INTERPOMA 2024 &#8211; Agrobox by Mete srl\" tabindex=\"-1\" >\n\t\t\tLeggi Tutto \u00bb\t\t<\/a>\n\n\t\t\t\t<\/div>\n\t\t\t\t<div class=\"elementor-post__meta-data\">\n\t\t\t\t\t<span class=\"elementor-post-date\">\n\t\t\t28 November 2024\t\t<\/span>\n\t\t\t\t<\/div>\n\t\t\t\t\t<\/div>\n\t\t<\/article>\n\t\t\t\t<article class=\"elementor-post elementor-grid-item post-3940 post type-post status-publish format-standard has-post-thumbnail hentry category-link-download generate-columns tablet-grid-50 mobile-grid-100 grid-parent grid-33\" role=\"listitem\">\n\t\t\t<div class=\"elementor-post__card\">\n\t\t\t\t<a class=\"elementor-post__thumbnail__link\" href=\"https:\/\/agrobox.it\/de\/agrobox-per-la-sostenibilita-nel-lavaggio-delle-irroratrici\/\" tabindex=\"-1\" ><div class=\"elementor-post__thumbnail\"><img loading=\"lazy\" decoding=\"async\" width=\"300\" height=\"219\" src=\"https:\/\/agrobox.it\/wp-content\/uploads\/2025\/11\/Agrobox-per-la-sostenibilita-nel-lavaggio-delle-irroratrici-300x219.jpg\" class=\"attachment-medium size-medium wp-image-3941\" alt=\"Agrobox per la sostenibilita\u0300 nel lavaggio delle irroratrici\" srcset=\"https:\/\/agrobox.it\/wp-content\/uploads\/2025\/11\/Agrobox-per-la-sostenibilita-nel-lavaggio-delle-irroratrici-300x219.jpg 300w, https:\/\/agrobox.it\/wp-content\/uploads\/2025\/11\/Agrobox-per-la-sostenibilita-nel-lavaggio-delle-irroratrici-768x560.jpg 768w, https:\/\/agrobox.it\/wp-content\/uploads\/2025\/11\/Agrobox-per-la-sostenibilita-nel-lavaggio-delle-irroratrici-16x12.jpg 16w, https:\/\/agrobox.it\/wp-content\/uploads\/2025\/11\/Agrobox-per-la-sostenibilita-nel-lavaggio-delle-irroratrici.jpg 790w\" sizes=\"(max-width: 300px) 100vw, 300px\" \/><\/div><\/a>\n\t\t\t\t<div class=\"elementor-post__badge\">Link &amp; Download<\/div>\n\t\t\t\t<div class=\"elementor-post__text\">\n\t\t\t\t<h3 class=\"elementor-post__title\">\n\t\t\t<a href=\"https:\/\/agrobox.it\/de\/agrobox-per-la-sostenibilita-nel-lavaggio-delle-irroratrici\/\" >\n\t\t\t\tAgrobox, per la sostenibilit\u00e0 nel lavaggio delle irroratrici\t\t\t<\/a>\n\t\t<\/h3>\n\t\t\t\t<div class=\"elementor-post__excerpt\">\n\t\t\t<p>La sostenibilit\u00e0 nella distribuzione dei prodotti fitosanitari \u00e8 spesso discussa in relazione alla deriva, ma<\/p>\n\t\t<\/div>\n\t\t\n\t\t<a class=\"elementor-post__read-more\" href=\"https:\/\/agrobox.it\/de\/agrobox-per-la-sostenibilita-nel-lavaggio-delle-irroratrici\/\" aria-label=\"Mehr \u00fcber Agrobox, per la sostenibilit\u00e0 nel lavaggio delle irroratrici\" tabindex=\"-1\" >\n\t\t\tLeggi Tutto \u00bb\t\t<\/a>\n\n\t\t\t\t<\/div>\n\t\t\t\t<div class=\"elementor-post__meta-data\">\n\t\t\t\t\t<span class=\"elementor-post-date\">\n\t\t\t18 Oktober 2021\t\t<\/span>\n\t\t\t\t<\/div>\n\t\t\t\t\t<\/div>\n\t\t<\/article>\n\t\t\t\t<article class=\"elementor-post elementor-grid-item post-3918 post type-post status-publish format-standard has-post-thumbnail hentry category-link-download generate-columns tablet-grid-50 mobile-grid-100 grid-parent grid-33\" role=\"listitem\">\n\t\t\t<div class=\"elementor-post__card\">\n\t\t\t\t<a class=\"elementor-post__thumbnail__link\" href=\"https:\/\/agrobox.it\/de\/agrobox-sistema-innovativo-per-la-gestione-sostenibile-delle-acque-contaminate-da-agrofarmaci\/\" tabindex=\"-1\" ><div class=\"elementor-post__thumbnail\"><img loading=\"lazy\" decoding=\"async\" width=\"300\" height=\"168\" src=\"https:\/\/agrobox.it\/wp-content\/uploads\/2025\/11\/Agrobox-Sistema-innovativo-per-la-gestione-delle-acque-inquinate-300x168.jpg\" class=\"attachment-medium size-medium wp-image-3999\" alt=\"Agrobox Sistema innovativo per la gestione delle acque inquinate\" srcset=\"https:\/\/agrobox.it\/wp-content\/uploads\/2025\/11\/Agrobox-Sistema-innovativo-per-la-gestione-delle-acque-inquinate-300x168.jpg 300w, https:\/\/agrobox.it\/wp-content\/uploads\/2025\/11\/Agrobox-Sistema-innovativo-per-la-gestione-delle-acque-inquinate-1024x573.jpg 1024w, https:\/\/agrobox.it\/wp-content\/uploads\/2025\/11\/Agrobox-Sistema-innovativo-per-la-gestione-delle-acque-inquinate-768x430.jpg 768w, https:\/\/agrobox.it\/wp-content\/uploads\/2025\/11\/Agrobox-Sistema-innovativo-per-la-gestione-delle-acque-inquinate-18x10.jpg 18w, https:\/\/agrobox.it\/wp-content\/uploads\/2025\/11\/Agrobox-Sistema-innovativo-per-la-gestione-delle-acque-inquinate.jpg 1404w\" sizes=\"(max-width: 300px) 100vw, 300px\" \/><\/div><\/a>\n\t\t\t\t<div class=\"elementor-post__badge\">Link &amp; Download<\/div>\n\t\t\t\t<div class=\"elementor-post__text\">\n\t\t\t\t<h3 class=\"elementor-post__title\">\n\t\t\t<a href=\"https:\/\/agrobox.it\/de\/agrobox-sistema-innovativo-per-la-gestione-sostenibile-delle-acque-contaminate-da-agrofarmaci\/\" >\n\t\t\t\tVIDEO &#8211; Agrobox: Sistema innovativo per la gestione sostenibile delle acque contaminate da agrofarmaci\t\t\t<\/a>\n\t\t<\/h3>\n\t\t\t\t<div class=\"elementor-post__excerpt\">\n\t\t\t<p>Il progetto Agrobox nasce dalla collaborazione tra ricerca e imprese agricole per ridurre l\u2019inquinamento puntiforme<\/p>\n\t\t<\/div>\n\t\t\n\t\t<a class=\"elementor-post__read-more\" href=\"https:\/\/agrobox.it\/de\/agrobox-sistema-innovativo-per-la-gestione-sostenibile-delle-acque-contaminate-da-agrofarmaci\/\" aria-label=\"Mehr \u00fcber VIDEO &#8211; Agrobox: Sistema innovativo per la gestione sostenibile delle acque contaminate da agrofarmaci\" tabindex=\"-1\" >\n\t\t\tLeggi Tutto \u00bb\t\t<\/a>\n\n\t\t\t\t<\/div>\n\t\t\t\t<div class=\"elementor-post__meta-data\">\n\t\t\t\t\t<span class=\"elementor-post-date\">\n\t\t\t19 Juli 2021\t\t<\/span>\n\t\t\t\t<\/div>\n\t\t\t\t\t<\/div>\n\t\t<\/article>\n\t\t\t\t<article class=\"elementor-post elementor-grid-item post-3943 post type-post status-publish format-standard has-post-thumbnail hentry category-link-download generate-columns tablet-grid-50 mobile-grid-100 grid-parent grid-33\" role=\"listitem\">\n\t\t\t<div class=\"elementor-post__card\">\n\t\t\t\t<a class=\"elementor-post__thumbnail__link\" href=\"https:\/\/agrobox.it\/de\/smart-pest-4-0-e-agrobox-difendere-i-cereali-senza-inquinare-si-puo\/\" tabindex=\"-1\" ><div class=\"elementor-post__thumbnail\"><img loading=\"lazy\" decoding=\"async\" width=\"300\" height=\"136\" src=\"https:\/\/agrobox.it\/wp-content\/uploads\/2025\/11\/smart-pest-4-agrobox-ifendere-cereali-senza-inquinare-300x136.jpg\" class=\"attachment-medium size-medium wp-image-3946\" alt=\"Smart pest 4 agrobox ifendere cereali senza inquinare\" srcset=\"https:\/\/agrobox.it\/wp-content\/uploads\/2025\/11\/smart-pest-4-agrobox-ifendere-cereali-senza-inquinare-300x136.jpg 300w, https:\/\/agrobox.it\/wp-content\/uploads\/2025\/11\/smart-pest-4-agrobox-ifendere-cereali-senza-inquinare-18x8.jpg 18w, https:\/\/agrobox.it\/wp-content\/uploads\/2025\/11\/smart-pest-4-agrobox-ifendere-cereali-senza-inquinare.jpg 661w\" sizes=\"(max-width: 300px) 100vw, 300px\" \/><\/div><\/a>\n\t\t\t\t<div class=\"elementor-post__badge\">Link &amp; Download<\/div>\n\t\t\t\t<div class=\"elementor-post__text\">\n\t\t\t\t<h3 class=\"elementor-post__title\">\n\t\t\t<a href=\"https:\/\/agrobox.it\/de\/smart-pest-4-0-e-agrobox-difendere-i-cereali-senza-inquinare-si-puo\/\" >\n\t\t\t\tSmart Pest 4.0 e Agrobox: difendere i cereali senza inquinare si pu\u00f2\t\t\t<\/a>\n\t\t<\/h3>\n\t\t\t\t<div class=\"elementor-post__excerpt\">\n\t\t\t<p>Presso la Cooperativa Delta Mais di Taglio di Po, i partner del progetto Smart Pest<\/p>\n\t\t<\/div>\n\t\t\n\t\t<a class=\"elementor-post__read-more\" href=\"https:\/\/agrobox.it\/de\/smart-pest-4-0-e-agrobox-difendere-i-cereali-senza-inquinare-si-puo\/\" aria-label=\"Mehr \u00fcber Smart Pest 4.0 e Agrobox: difendere i cereali senza inquinare si pu\u00f2\" tabindex=\"-1\" >\n\t\t\tLeggi Tutto \u00bb\t\t<\/a>\n\n\t\t\t\t<\/div>\n\t\t\t\t<div class=\"elementor-post__meta-data\">\n\t\t\t\t\t<span class=\"elementor-post-date\">\n\t\t\t20 April 2021\t\t<\/span>\n\t\t\t\t<\/div>\n\t\t\t\t\t<\/div>\n\t\t<\/article>\n\t\t\t\t<article class=\"elementor-post elementor-grid-item post-3921 post type-post status-publish format-standard has-post-thumbnail hentry category-link-download generate-columns tablet-grid-50 mobile-grid-100 grid-parent grid-33\" role=\"listitem\">\n\t\t\t<div class=\"elementor-post__card\">\n\t\t\t\t<a class=\"elementor-post__thumbnail__link\" href=\"https:\/\/agrobox.it\/de\/una-macchina-ripulisce-le-acque-da-agrofarmaci\/\" tabindex=\"-1\" ><div class=\"elementor-post__thumbnail\"><img loading=\"lazy\" decoding=\"async\" width=\"300\" height=\"204\" src=\"https:\/\/agrobox.it\/wp-content\/uploads\/2025\/11\/una-macchina-ripulisce-le-acque-da-agrofarmaci-300x204.png\" class=\"attachment-medium size-medium wp-image-3922\" alt=\"Una macchina ripulisce le acque da agrofarmaci\" srcset=\"https:\/\/agrobox.it\/wp-content\/uploads\/2025\/11\/una-macchina-ripulisce-le-acque-da-agrofarmaci-300x204.png 300w, https:\/\/agrobox.it\/wp-content\/uploads\/2025\/11\/una-macchina-ripulisce-le-acque-da-agrofarmaci-1024x697.png 1024w, https:\/\/agrobox.it\/wp-content\/uploads\/2025\/11\/una-macchina-ripulisce-le-acque-da-agrofarmaci-768x523.png 768w, https:\/\/agrobox.it\/wp-content\/uploads\/2025\/11\/una-macchina-ripulisce-le-acque-da-agrofarmaci-18x12.png 18w, https:\/\/agrobox.it\/wp-content\/uploads\/2025\/11\/una-macchina-ripulisce-le-acque-da-agrofarmaci.png 1128w\" sizes=\"(max-width: 300px) 100vw, 300px\" \/><\/div><\/a>\n\t\t\t\t<div class=\"elementor-post__badge\">Link &amp; Download<\/div>\n\t\t\t\t<div class=\"elementor-post__text\">\n\t\t\t\t<h3 class=\"elementor-post__title\">\n\t\t\t<a href=\"https:\/\/agrobox.it\/de\/una-macchina-ripulisce-le-acque-da-agrofarmaci\/\" >\n\t\t\t\tUna macchina ripulisce le acque da agrofarmaci\t\t\t<\/a>\n\t\t<\/h3>\n\t\t\t\t<div class=\"elementor-post__excerpt\">\n\t\t\t<p>Il progetto Smartpest 4.0, coordinato da Confagricoltura e finanziato dal Piano di sviluppo rurale del<\/p>\n\t\t<\/div>\n\t\t\n\t\t<a class=\"elementor-post__read-more\" href=\"https:\/\/agrobox.it\/de\/una-macchina-ripulisce-le-acque-da-agrofarmaci\/\" aria-label=\"Mehr \u00fcber Una macchina ripulisce le acque da agrofarmaci\" tabindex=\"-1\" >\n\t\t\tLeggi Tutto \u00bb\t\t<\/a>\n\n\t\t\t\t<\/div>\n\t\t\t\t<div class=\"elementor-post__meta-data\">\n\t\t\t\t\t<span class=\"elementor-post-date\">\n\t\t\t20 April 2021\t\t<\/span>\n\t\t\t\t<\/div>\n\t\t\t\t\t<\/div>\n\t\t<\/article>\n\t\t\t\t<article class=\"elementor-post elementor-grid-item post-3930 post type-post status-publish format-standard has-post-thumbnail hentry category-link-download generate-columns tablet-grid-50 mobile-grid-100 grid-parent grid-33\" role=\"listitem\">\n\t\t\t<div class=\"elementor-post__card\">\n\t\t\t\t<a class=\"elementor-post__thumbnail__link\" href=\"https:\/\/agrobox.it\/de\/agrobox-come-risparmiare-acqua-dal-lavaggio-dei-trattori\/\" tabindex=\"-1\" ><div class=\"elementor-post__thumbnail\"><img loading=\"lazy\" decoding=\"async\" width=\"300\" height=\"237\" src=\"https:\/\/agrobox.it\/wp-content\/uploads\/2025\/11\/Agrobox-come-risparmiare-acqua-300x237.png\" class=\"attachment-medium size-medium wp-image-3925\" alt=\"Agrobox come risparmiare acqua\" srcset=\"https:\/\/agrobox.it\/wp-content\/uploads\/2025\/11\/Agrobox-come-risparmiare-acqua-300x237.png 300w, https:\/\/agrobox.it\/wp-content\/uploads\/2025\/11\/Agrobox-come-risparmiare-acqua-1024x810.png 1024w, https:\/\/agrobox.it\/wp-content\/uploads\/2025\/11\/Agrobox-come-risparmiare-acqua-768x607.png 768w, https:\/\/agrobox.it\/wp-content\/uploads\/2025\/11\/Agrobox-come-risparmiare-acqua-15x12.png 15w, https:\/\/agrobox.it\/wp-content\/uploads\/2025\/11\/Agrobox-come-risparmiare-acqua.png 1090w\" sizes=\"(max-width: 300px) 100vw, 300px\" \/><\/div><\/a>\n\t\t\t\t<div class=\"elementor-post__badge\">Link &amp; Download<\/div>\n\t\t\t\t<div class=\"elementor-post__text\">\n\t\t\t\t<h3 class=\"elementor-post__title\">\n\t\t\t<a href=\"https:\/\/agrobox.it\/de\/agrobox-come-risparmiare-acqua-dal-lavaggio-dei-trattori\/\" >\n\t\t\t\tAgrobox, come risparmiare acqua dal lavaggio dei trattori\t\t\t<\/a>\n\t\t<\/h3>\n\t\t\t\t<div class=\"elementor-post__excerpt\">\n\t\t\t<p>Agrobox \u00e8 un progetto che unisce ricerca e imprese agricole per ridurre l\u2019inquinamento puntiforme generato<\/p>\n\t\t<\/div>\n\t\t\n\t\t<a class=\"elementor-post__read-more\" href=\"https:\/\/agrobox.it\/de\/agrobox-come-risparmiare-acqua-dal-lavaggio-dei-trattori\/\" aria-label=\"Mehr \u00fcber Agrobox, come risparmiare acqua dal lavaggio dei trattori\" tabindex=\"-1\" >\n\t\t\tLeggi Tutto \u00bb\t\t<\/a>\n\n\t\t\t\t<\/div>\n\t\t\t\t<div class=\"elementor-post__meta-data\">\n\t\t\t\t\t<span class=\"elementor-post-date\">\n\t\t\t28 September 2020\t\t<\/span>\n\t\t\t\t<\/div>\n\t\t\t\t\t<\/div>\n\t\t<\/article>\n\t\t\t\t<article class=\"elementor-post elementor-grid-item post-3935 post type-post status-publish format-standard has-post-thumbnail hentry category-link-download generate-columns tablet-grid-50 mobile-grid-100 grid-parent grid-33\" role=\"listitem\">\n\t\t\t<div class=\"elementor-post__card\">\n\t\t\t\t<a class=\"elementor-post__thumbnail__link\" href=\"https:\/\/agrobox.it\/de\/sostenibilita-ambientale-un-progetto-innovativo-per-ridurre-in-agricoltura-luso-dellacqua-e-linquinamento-da-agrofarmaci\/\" tabindex=\"-1\" ><div class=\"elementor-post__thumbnail\"><img loading=\"lazy\" decoding=\"async\" width=\"300\" height=\"188\" src=\"https:\/\/agrobox.it\/wp-content\/uploads\/2025\/11\/Sostenibilita-ambientale-per-ridurre-linquinamento-puntiforme-in-ambiente-agrario-300x188.jpg\" class=\"attachment-medium size-medium wp-image-3938\" alt=\"Sostenibilita\u0300 ambientale per ridurre l&#039;inquinamento puntiforme in ambiente agrario\" srcset=\"https:\/\/agrobox.it\/wp-content\/uploads\/2025\/11\/Sostenibilita-ambientale-per-ridurre-linquinamento-puntiforme-in-ambiente-agrario-300x188.jpg 300w, https:\/\/agrobox.it\/wp-content\/uploads\/2025\/11\/Sostenibilita-ambientale-per-ridurre-linquinamento-puntiforme-in-ambiente-agrario-18x12.jpg 18w, https:\/\/agrobox.it\/wp-content\/uploads\/2025\/11\/Sostenibilita-ambientale-per-ridurre-linquinamento-puntiforme-in-ambiente-agrario.jpg 554w\" sizes=\"(max-width: 300px) 100vw, 300px\" \/><\/div><\/a>\n\t\t\t\t<div class=\"elementor-post__badge\">Link &amp; Download<\/div>\n\t\t\t\t<div class=\"elementor-post__text\">\n\t\t\t\t<h3 class=\"elementor-post__title\">\n\t\t\t<a href=\"https:\/\/agrobox.it\/de\/sostenibilita-ambientale-un-progetto-innovativo-per-ridurre-in-agricoltura-luso-dellacqua-e-linquinamento-da-agrofarmaci\/\" >\n\t\t\t\tSostenibilit\u00e0 ambientale: un progetto innovativo per ridurre in agricoltura l\u2019uso dell\u2019acqua e l\u2019inquinamento da agrofarmaci\t\t\t<\/a>\n\t\t<\/h3>\n\t\t\t\t<div class=\"elementor-post__excerpt\">\n\t\t\t<p>Il progetto Agrobox nasce per affrontare l\u2019inquinamento puntiforme causato dallo sversamento delle acque reflue provenienti<\/p>\n\t\t<\/div>\n\t\t\n\t\t<a class=\"elementor-post__read-more\" href=\"https:\/\/agrobox.it\/de\/sostenibilita-ambientale-un-progetto-innovativo-per-ridurre-in-agricoltura-luso-dellacqua-e-linquinamento-da-agrofarmaci\/\" aria-label=\"Mehr \u00fcber Sostenibilit\u00e0 ambientale: un progetto innovativo per ridurre in agricoltura l\u2019uso dell\u2019acqua e l\u2019inquinamento da agrofarmaci\" tabindex=\"-1\" >\n\t\t\tLeggi Tutto \u00bb\t\t<\/a>\n\n\t\t\t\t<\/div>\n\t\t\t\t<div class=\"elementor-post__meta-data\">\n\t\t\t\t\t<span class=\"elementor-post-date\">\n\t\t\t24 September 2020\t\t<\/span>\n\t\t\t\t<\/div>\n\t\t\t\t\t<\/div>\n\t\t<\/article>\n\t\t\t\t<article class=\"elementor-post elementor-grid-item post-3924 post type-post status-publish format-standard has-post-thumbnail hentry category-link-download generate-columns tablet-grid-50 mobile-grid-100 grid-parent grid-33\" role=\"listitem\">\n\t\t\t<div class=\"elementor-post__card\">\n\t\t\t\t<a class=\"elementor-post__thumbnail__link\" href=\"https:\/\/agrobox.it\/de\/agrobox-sistema-modulare-per-ridurre-linquinamento-da-agrofarmaci\/\" tabindex=\"-1\" ><div class=\"elementor-post__thumbnail\"><img loading=\"lazy\" decoding=\"async\" width=\"300\" height=\"140\" src=\"https:\/\/agrobox.it\/wp-content\/uploads\/2025\/11\/Agrobox-Sistema-modulare-per-ridurre-inquinamento-300x140.jpg\" class=\"attachment-medium size-medium wp-image-3928\" alt=\"Agrobox Sistema modulare per ridurre inquinamento\" srcset=\"https:\/\/agrobox.it\/wp-content\/uploads\/2025\/11\/Agrobox-Sistema-modulare-per-ridurre-inquinamento-300x140.jpg 300w, https:\/\/agrobox.it\/wp-content\/uploads\/2025\/11\/Agrobox-Sistema-modulare-per-ridurre-inquinamento-1024x479.jpg 1024w, https:\/\/agrobox.it\/wp-content\/uploads\/2025\/11\/Agrobox-Sistema-modulare-per-ridurre-inquinamento-768x360.jpg 768w, https:\/\/agrobox.it\/wp-content\/uploads\/2025\/11\/Agrobox-Sistema-modulare-per-ridurre-inquinamento-18x8.jpg 18w, https:\/\/agrobox.it\/wp-content\/uploads\/2025\/11\/Agrobox-Sistema-modulare-per-ridurre-inquinamento.jpg 1431w\" sizes=\"(max-width: 300px) 100vw, 300px\" \/><\/div><\/a>\n\t\t\t\t<div class=\"elementor-post__badge\">Link &amp; Download<\/div>\n\t\t\t\t<div class=\"elementor-post__text\">\n\t\t\t\t<h3 class=\"elementor-post__title\">\n\t\t\t<a href=\"https:\/\/agrobox.it\/de\/agrobox-sistema-modulare-per-ridurre-linquinamento-da-agrofarmaci\/\" >\n\t\t\t\tAgrobox: sistema modulare per ridurre l&#8217;inquinamento da agrofarmaci\t\t\t<\/a>\n\t\t<\/h3>\n\t\t\t\t<div class=\"elementor-post__excerpt\">\n\t\t\t<p>La sostenibilit\u00e0 ambientale nell\u2019uso dei prodotti fitosanitari riguarda non solo la distribuzione di prodotti fitosanitari<\/p>\n\t\t<\/div>\n\t\t\n\t\t<a class=\"elementor-post__read-more\" href=\"https:\/\/agrobox.it\/de\/agrobox-sistema-modulare-per-ridurre-linquinamento-da-agrofarmaci\/\" aria-label=\"Mehr \u00fcber Agrobox: sistema modulare per ridurre l&#8217;inquinamento da agrofarmaci\" tabindex=\"-1\" >\n\t\t\tLeggi Tutto \u00bb\t\t<\/a>\n\n\t\t\t\t<\/div>\n\t\t\t\t<div class=\"elementor-post__meta-data\">\n\t\t\t\t\t<span class=\"elementor-post-date\">\n\t\t\t25 Februar 2020\t\t<\/span>\n\t\t\t\t<\/div>\n\t\t\t\t\t<\/div>\n\t\t<\/article>\n\t\t\t\t<\/div>\n\t\t\n\t\t\t\t\t\t<\/div>\n\t\t\t\t<\/div>\n\t\t\t\t<\/div>\n\t\t\t\t<\/div>","protected":false},"excerpt":{"rendered":"","protected":false},"author":1,"featured_media":0,"parent":0,"menu_order":0,"comment_status":"closed","ping_status":"closed","template":"","meta":{"slim_seo":{"title":"Agrobox: sistema modulare per ridurre l'inquinamento da agrofarmaci - Agrobox","description":"La sostenibilit\u00e0 ambientale nell\u2019uso dei prodotti fitosanitari riguarda non solo la distribuzione di prodotti fitosanitari da parte del vento, ma anche la conta"},"footnotes":""},"class_list":["post-3965","page","type-page","status-publish","hentry","generate-columns","tablet-grid-50","mobile-grid-100","grid-parent","grid-33"],"_links":{"self":[{"href":"https:\/\/agrobox.it\/de\/wp-json\/wp\/v2\/pages\/3965","targetHints":{"allow":["GET"]}}],"collection":[{"href":"https:\/\/agrobox.it\/de\/wp-json\/wp\/v2\/pages"}],"about":[{"href":"https:\/\/agrobox.it\/de\/wp-json\/wp\/v2\/types\/page"}],"author":[{"embeddable":true,"href":"https:\/\/agrobox.it\/de\/wp-json\/wp\/v2\/users\/1"}],"replies":[{"embeddable":true,"href":"https:\/\/agrobox.it\/de\/wp-json\/wp\/v2\/comments?post=3965"}],"version-history":[{"count":7,"href":"https:\/\/agrobox.it\/de\/wp-json\/wp\/v2\/pages\/3965\/revisions"}],"predecessor-version":[{"id":3972,"href":"https:\/\/agrobox.it\/de\/wp-json\/wp\/v2\/pages\/3965\/revisions\/3972"}],"wp:attachment":[{"href":"https:\/\/agrobox.it\/de\/wp-json\/wp\/v2\/media?parent=3965"}],"curies":[{"name":"wp","href":"https:\/\/api.w.org\/{rel}","templated":true}]}}